{"id":374,"date":"2019-05-18T21:26:18","date_gmt":"2019-05-18T21:26:18","guid":{"rendered":"http:\/\/www.tir-annonay.fr\/?page_id=374"},"modified":"2026-04-26T18:51:48","modified_gmt":"2026-04-26T18:51:48","slug":"resultats","status":"publish","type":"page","link":"https:\/\/www.tir-annonay.fr\/?page_id=374","title":{"rendered":"R\u00e9sultats"},"content":{"rendered":"\n<h2 class=\"wp-block-heading\">Saison 2025-2026<\/h2>\n\n\n\n<p>24-25 avril 2026 &#8211; D\u00e9p 25-50m &#8211; Lamastre &#8211; <a href=\"https:\/\/www.tir-annonay.fr\/wp-content\/uploads\/2026\/04\/2026_palmares-indiv-1.pdf\" target=\"_blank\" rel=\"noopener\" title=\"\">Palmar\u00e8s indiv<\/a> &#8211; <a href=\"https:\/\/www.tir-annonay.fr\/wp-content\/uploads\/2026\/04\/2026_palmares-equipes.pdf\" target=\"_blank\" rel=\"noopener\" title=\"\">\u00e9quipes<\/a><\/p>\n\n\n\n<p>18-19 avril 2026 &#8211; D\u00e9p TAR &#8211; Aubenas &#8211; <a href=\"https:\/\/www.tir-annonay.fr\/wp-content\/uploads\/2026\/04\/2026-palmares-provisoire.pdf\" target=\"_blank\" rel=\"noopener\" title=\"\">Palmar\u00e8s individuel<\/a><\/p>\n\n\n\n<p>21 mars et 3-4 avril 2026 &#8211; D\u00e9p AA &#8211; Annonay\/Aubenas &#8211; <a href=\"https:\/\/www.tir-annonay.fr\/wp-content\/uploads\/2026\/04\/2026_palmares-indiv.pdf\" target=\"_blank\" rel=\"noopener\" title=\"\">Palmar\u00e8s individuel<\/a> &#8211; <a href=\"https:\/\/www.tir-annonay.fr\/wp-content\/uploads\/2026\/04\/2026_palmares_equipe.pdf\" target=\"_blank\" rel=\"noopener\" title=\"\">Equipes<\/a><\/p>\n\n\n\n<p>28-29 mars 2026 &#8211; R\u00e9g EDT &#8211; Valence &#8211; <a href=\"https:\/\/www.tir-annonay.fr\/wp-content\/uploads\/2026\/04\/2026-Reg-EDT-Indiv.pdf\" target=\"_blank\" rel=\"noopener\" title=\"\">Palmar\u00e8s individuel<\/a><\/p>\n\n\n\n<p>28 f\u00e9vrier 2026 &#8211; D\u00e9p EDT &#8211; Lamastre &#8211; <a href=\"https:\/\/www.tir-annonay.fr\/wp-content\/uploads\/2026\/02\/2026_palmares-indiv.pdf\" target=\"_blank\" rel=\"noopener\" title=\"\">Palmar\u00e8s individuel<\/a> &#8211; <a href=\"https:\/\/www.tir-annonay.fr\/wp-content\/uploads\/2026\/02\/2026_palmares_equipe.pdf\" target=\"_blank\" rel=\"noopener\" title=\"\">Equipes<\/a><\/p>\n\n\n\n<p>28-30 janvier 2026 &#8211; CDF 10m &#8211; Besan\u00e7on &#8211; <a href=\"https:\/\/www.tir-annonay.fr\/wp-content\/uploads\/2026\/01\/2026_104-S2-Q.pdf\" target=\"_blank\" rel=\"noopener\" title=\"\">Carabine S2<\/a> &#8211; <a href=\"https:\/\/www.tir-annonay.fr\/wp-content\/uploads\/2026\/02\/2026_100-S2-Q.pdf\" target=\"_blank\" rel=\"noopener\" title=\"\">Pistolet S2<\/a><\/p>\n\n\n\n<p>5-6-7 d\u00e9cembre &#8211; R\u00e9g 10m &#8211; Valence &#8211; <a href=\"https:\/\/www.tir-annonay.fr\/wp-content\/uploads\/2025\/12\/2025-Reg-10m-palmares.pdf\" target=\"_blank\" rel=\"noopener\" title=\"\">Palmar\u00e8s individuel<\/a><\/p>\n\n\n\n<p>8-9 et 15-16 novembre &#8211; D\u00e9p 10m &#8211; Annonay&amp;Lamastre &#8211; Palmar\u00e8s <a href=\"https:\/\/www.tir-annonay.fr\/wp-content\/uploads\/2025\/11\/2025-palmares-indiv-final.pdf\" target=\"_blank\" rel=\"noopener\" title=\"\">Individuel<\/a> &#8211; <a href=\"https:\/\/www.tir-annonay.fr\/wp-content\/uploads\/2025\/11\/2025-palmares-equipes-final.pdf\" target=\"_blank\" rel=\"noopener\" title=\"\">Equipes<\/a><\/p>\n\n\n\n<p>18-19 octobre &#8211; Pont du Ch\u00e2teau &#8211; <a href=\"https:\/\/www.tir-annonay.fr\/wp-content\/uploads\/2025\/11\/PALMARES-5-ligues-Anastasio-2025A.pdf\" target=\"_blank\" rel=\"noopener\" title=\"\">Interligues Armes Anciennes<\/a><\/p>\n\n\n\n<hr class=\"wp-block-separator has-alpha-channel-opacity\"\/>\n\n\n\n<h2 class=\"wp-block-heading\">Saison 2024-2025<\/h2>\n\n\n\n<p>17-18 mai et 31 mai-1er juin &#8211; R\u00e9g 25-50m &#8211; Chamb\u00e9ry\/Annemasse &#8211; Palmar\u00e8s <a href=\"https:\/\/www.tir-annonay.fr\/wp-content\/uploads\/2025\/06\/PALMARES-DEFINITIF.pdf\" target=\"_blank\" rel=\"noopener\" title=\"\">individuel<\/a><\/p>\n\n\n\n<p>21 au 24 mai 2025 &#8211; <strong>CDF<\/strong> Armes Anciennes &#8211; CNTS Ch\u00e2teauroux &#8211; Palmar\u00e8s <a href=\"https:\/\/www.tir-annonay.fr\/wp-content\/uploads\/2025\/05\/2025_AA_CDF_palmares-indiv.pdf\" target=\"_blank\" rel=\"noopener\" title=\"\">individuel<\/a> &#8211; <a href=\"https:\/\/www.tir-annonay.fr\/wp-content\/uploads\/2025\/05\/2025_AA_CDF_palmares-equipes.pdf\" target=\"_blank\" rel=\"noopener\" title=\"\">\u00e9quipes<\/a><\/p>\n\n\n\n<p>2 au 4 mai 2025 &#8211; Montalieu &#8211; R\u00e9g TAR &#8211; Palmar\u00e8s <a href=\"https:\/\/www.tir-annonay.fr\/wp-content\/uploads\/2025\/05\/2025_Reg-TAR_palmares-individuel.pdf\" target=\"_blank\" rel=\"noopener\" title=\"\">individuel<\/a><\/p>\n\n\n\n<p>19-20 avril 2025 &#8211; D\u00e9p 25-50m &#8211; Lamastre &#8211; Palmar\u00e8s <a href=\"https:\/\/www.tir-annonay.fr\/wp-content\/uploads\/2025\/04\/2025_palmares.pdf\" target=\"_blank\" rel=\"noopener\" title=\"\">individuel<\/a><\/p>\n\n\n\n<p>12-13 avril 2025 &#8211; D\u00e9p TAR &#8211; Aubenas &#8211; Palmar\u00e8s <a href=\"https:\/\/www.tir-annonay.fr\/wp-content\/uploads\/2025\/04\/2025_TAR_palmares.pdf\" target=\"_blank\" rel=\"noopener\" title=\"\">individuel<\/a><\/p>\n\n\n\n<p>5-6 avril 2025 &#8211; R\u00e9g AA &#8211; Mont\u00e9limar &#8211; Palmar\u00e8s <a href=\"https:\/\/www.tir-annonay.fr\/wp-content\/uploads\/2025\/04\/palmares-individuel2.pdf\" target=\"_blank\" rel=\"noopener\" title=\"\">individuel<\/a> &#8211; <a href=\"https:\/\/www.tir-annonay.fr\/wp-content\/uploads\/2025\/04\/palmares_equipe3.pdf\" target=\"_blank\" rel=\"noopener\" title=\"\">Equipes<\/a><\/p>\n\n\n\n<p>30-31 mars &#8211; R\u00e9g EDT \u00e0 Valence &#8211; Palmar\u00e8s <a href=\"https:\/\/www.tir-annonay.fr\/wp-content\/uploads\/2025\/04\/2025palmares-individuel-EDT.pdf\" target=\"_blank\" rel=\"noopener\" title=\"\">Individuel<\/a> &#8211; <a href=\"https:\/\/www.tir-annonay.fr\/wp-content\/uploads\/2025\/04\/2025palmares_equipe-EDT.pdf\" target=\"_blank\" rel=\"noopener\" title=\"\">Equipes<\/a><\/p>\n\n\n\n<p>Mars 2025 &#8211; D\u00e9p AA &#8211; 25\/50M Annonay &#8211; 100M Aubenas &#8211; Palmar\u00e8s <a href=\"https:\/\/www.tir-annonay.fr\/wp-content\/uploads\/2025\/03\/2025_palmares_indiv-final.pdf\" target=\"_blank\" rel=\"noopener\" title=\"\">indiv<\/a> &#8211; <a href=\"https:\/\/www.tir-annonay.fr\/wp-content\/uploads\/2025\/03\/2025_palmares_equipes-final.pdf\" target=\"_blank\" rel=\"noopener\" title=\"\">Equipes<\/a> &#8211; <a href=\"https:\/\/www.tir-annonay.fr\/wp-content\/uploads\/2025\/03\/2025_palmares_presse-final.pdf\" target=\"_blank\" rel=\"noopener\" title=\"\">Presse<\/a><\/p>\n\n\n\n<p>22 f\u00e9vrier 2025 &#8211; D\u00e9p EDT &#8211; TSHV Lamastre &#8211; Palmar\u00e8s <a href=\"https:\/\/www.tir-annonay.fr\/wp-content\/uploads\/2025\/02\/2025_EDT_palmares-indiv.pdf\" target=\"_blank\" rel=\"noopener\" title=\"\">Individuel<\/a> &#8211; <a href=\"https:\/\/www.tir-annonay.fr\/wp-content\/uploads\/2025\/02\/2025_EDT_palmares_equipe.pdf\" target=\"_blank\" rel=\"noopener\" title=\"\">Equipes<\/a><\/p>\n\n\n\n<p>10-15 f\u00e9vrier 2025 &#8211; <strong>CDF<\/strong> 10m au CNTS &#8211; Palmar\u00e8s <a href=\"https:\/\/www.tir-annonay.fr\/wp-content\/uploads\/2025\/02\/22-C10-S2.pdf\" target=\"_blank\" rel=\"noopener\" title=\"\">Carabine S2<\/a><\/p>\n\n\n\n<p>3-4-5 janvier 2025 &#8211; R\u00e9g 10m \u00e0 Valence &#8211; Palmar\u00e8s <a href=\"https:\/\/www.tir-annonay.fr\/wp-content\/uploads\/2025\/01\/palmares-indiv-final.pdf\" target=\"_blank\" rel=\"noopener\" title=\"\">individuel<\/a> &#8211; <a href=\"https:\/\/www.tir-annonay.fr\/wp-content\/uploads\/2025\/01\/palmares_equipe.pdf\" target=\"_blank\" rel=\"noopener\" title=\"\">\u00e9quipes<\/a><\/p>\n\n\n\n<p>6-7-8 d\u00e9cembre 2024 &#8211; D\u00e9p 10m &#8211; Annonay\/Lamastre &#8211; Palmar\u00e8s <a href=\"https:\/\/www.tir-annonay.fr\/wp-content\/uploads\/2024\/12\/palmares-1.pdf\" target=\"_blank\" rel=\"noopener\" title=\"\">Individuel<\/a> &#8211; <a href=\"https:\/\/www.tir-annonay.fr\/wp-content\/uploads\/2024\/12\/palmares_equipe-1.pdf\" target=\"_blank\" rel=\"noopener\" title=\"\">Equipes<\/a><\/p>\n\n\n\n<p>19-20 octobre 2024 &#8211; Interligue Armes Anciennes \u00e0 P\u00e9rouges &#8211; <a href=\"https:\/\/www.tir-annonay.fr\/wp-content\/uploads\/2024\/10\/Palmares-Match-5-Ligues-2024.pdf\" target=\"_blank\" rel=\"noopener\" title=\"\">Palmar\u00e8s<\/a><\/p>\n\n\n\n<hr class=\"wp-block-separator has-alpha-channel-opacity\"\/>\n\n\n\n<h2 class=\"wp-block-heading\">Saison 2023-2024<\/h2>\n\n\n\n<p>25-26 mai 2024 &#8211; R\u00e9gionaux 25-50m \u00e0 Annemasse &#8211; <a href=\"https:\/\/www.tir-annonay.fr\/wp-content\/uploads\/2024\/05\/25-50-Palmares-intermediaire-indiv-243.pdf\" target=\"_blank\" rel=\"noopener\" title=\"\">Palmar\u00e8s<\/a><\/p>\n\n\n\n<p>17 au 20 mai 2024 &#8211; <strong>Championnat de France<\/strong> Armes Anciennes \u00e0 Volmerange les Mines &#8211; Palmar\u00e8s <strong>Equipes<\/strong> <a href=\"https:\/\/www.tir-annonay.fr\/wp-content\/uploads\/2024\/05\/EQUIPES-TANZUTSU-628728.pdf\" target=\"_blank\" rel=\"noopener\" title=\"\">Tanzustu<\/a> \/ <a href=\"https:\/\/www.tir-annonay.fr\/wp-content\/uploads\/2024\/05\/EQUIPES-PENNSYLVANNIA-636736.pdf\" target=\"_blank\" rel=\"noopener\" title=\"\">Pennsylvania<\/a> \/ <a href=\"https:\/\/www.tir-annonay.fr\/wp-content\/uploads\/2024\/05\/PALMARES-EQUIPE-COMINAZZO.pdf\" target=\"_blank\" rel=\"noopener\" title=\"\">Cominazzo<\/a> -\/ <a href=\"https:\/\/www.tir-annonay.fr\/wp-content\/uploads\/2024\/05\/EQUIPES-MIQUELET-601701.pdf\" target=\"_blank\" rel=\"noopener\" title=\"\">Miquelet<\/a> &#8211; <strong>Individuel<\/strong> Miquelet <a href=\"https:\/\/www.tir-annonay.fr\/wp-content\/uploads\/2024\/05\/601.pdf\" target=\"_blank\" rel=\"noopener\" title=\"\">O<\/a> <a href=\"https:\/\/www.tir-annonay.fr\/wp-content\/uploads\/2024\/05\/701.pdf\" target=\"_blank\" rel=\"noopener\" title=\"\">R<\/a> \/ <a href=\"https:\/\/www.tir-annonay.fr\/wp-content\/uploads\/2024\/05\/705.pdf\" target=\"_blank\" rel=\"noopener\" title=\"\">Cominazzo<\/a> \/ <a href=\"https:\/\/www.tir-annonay.fr\/wp-content\/uploads\/2024\/05\/706.pdf\" target=\"_blank\" rel=\"noopener\" title=\"\">Kuchen<\/a> \/ <a href=\"https:\/\/www.tir-annonay.fr\/wp-content\/uploads\/2024\/05\/712-S1.pdf\" target=\"_blank\" rel=\"noopener\" title=\"\">Mariette<\/a> \/ <a href=\"https:\/\/www.tir-annonay.fr\/wp-content\/uploads\/2024\/05\/714.pdf\" target=\"_blank\" rel=\"noopener\" title=\"\">Tanegashima<\/a> \/ <a href=\"https:\/\/www.tir-annonay.fr\/wp-content\/uploads\/2024\/05\/715-S1.pdf\" target=\"_blank\" rel=\"noopener\" title=\"\">Vetterli<\/a> \/ <a href=\"https:\/\/www.tir-annonay.fr\/wp-content\/uploads\/2024\/05\/716.pdf\" target=\"_blank\" rel=\"noopener\" title=\"\">Hizadai<\/a> \/ <a href=\"https:\/\/www.tir-annonay.fr\/wp-content\/uploads\/2024\/05\/723.pdf\" target=\"_blank\" rel=\"noopener\" title=\"\">Malson<\/a> \/ <a href=\"https:\/\/www.tir-annonay.fr\/wp-content\/uploads\/2024\/05\/728.pdf\" target=\"_blank\" rel=\"noopener\" title=\"\">Tanzutsu<\/a> \/ <a href=\"https:\/\/www.tir-annonay.fr\/wp-content\/uploads\/2024\/05\/736.pdf\" target=\"_blank\" rel=\"noopener\" title=\"\">Pennsylvania<\/a> \/ <a href=\"https:\/\/www.tir-annonay.fr\/wp-content\/uploads\/2024\/05\/737.pdf\" target=\"_blank\" rel=\"noopener\" title=\"\">Lamarmora<\/a><\/p>\n\n\n\n<p>12 mai 2024 &#8211; Championnat de France Ecole de Tir \u00e0 Ch\u00e2lon en Champagne &#8211; <a href=\"https:\/\/www.tir-annonay.fr\/wp-content\/uploads\/2024\/05\/154-PG-1.pdf\" target=\"_blank\" rel=\"noopener\" title=\"\">Palmar\u00e8s PG<\/a><\/p>\n\n\n\n<p>4 et 5 mai 2024 &#8211; R\u00e9gionaux TAR \u00e0 Montalieu &#8211; <a href=\"https:\/\/www.tir-annonay.fr\/wp-content\/uploads\/2024\/05\/palmares-individuel-TAR-2024.pdf\" target=\"_blank\" rel=\"noopener\" title=\"\">Palmar\u00e8s<\/a><\/p>\n\n\n\n<p>27 avril 2024 &#8211; D\u00e9partementaux Silhouettes M\u00e9talliques \u00e0 S.T. Chom\u00e9rac &#8211; <a href=\"https:\/\/www.tir-annonay.fr\/wp-content\/uploads\/2024\/04\/2024_Dep-SM.pdf\" target=\"_blank\" rel=\"noopener\" title=\"\">Palmar\u00e8s<\/a><\/p>\n\n\n\n<p>21 avril 2024 &#8211; D\u00e9partementaux 25-50m \u00e0 TSHV Lamastre &#8211; <a href=\"https:\/\/www.tir-annonay.fr\/wp-content\/uploads\/2024\/09\/resultats-25-50-m-2024.pdf\" target=\"_blank\" rel=\"noopener\" title=\"\">Palmar\u00e8s<\/a><\/p>\n\n\n\n<p>13 et 14 avril 2024 &#8211; D\u00e9partementaux TAR\u00e0 USATir Aubenas  &#8211; <a href=\"https:\/\/www.tir-annonay.fr\/wp-content\/uploads\/2024\/04\/2024_TAR_Palmares.pdf\" target=\"_blank\" rel=\"noopener\" title=\"\">Palmar\u00e8s<\/a><\/p>\n\n\n\n<p>6 et 7 avril 2024 &#8211; R\u00e9gionaux Armes Anciennes \u00e0 Chamb\u00e9ry &#8211; Palmar\u00e8s <a href=\"https:\/\/www.tir-annonay.fr\/wp-content\/uploads\/2024\/04\/Palmares-Individuel.pdf\" target=\"_blank\" rel=\"noopener\" title=\"\">Individuel<\/a> &#8211; <a href=\"https:\/\/www.tir-annonay.fr\/wp-content\/uploads\/2024\/04\/EQUIPES-ARMESANCIENNES1.pdf\" target=\"_blank\" rel=\"noopener\" title=\"\">Equipes<\/a><\/p>\n\n\n\n<p><em>Janvier \u00e0 mars 2024 &#8211; Grand Prix de l&rsquo;Ard\u00e8che &#8211; <a href=\"https:\/\/www.tir-annonay.fr\/wp-content\/uploads\/2024\/04\/Palmares-Grand-Prix-Ardeche-2024.pdf\" target=\"_blank\" rel=\"noopener\" title=\"\">Palmar\u00e8s<\/a><\/em><\/p>\n\n\n\n<p>30 et 31 mars 2024 &#8211; R\u00e9gionaux EDT &#8211; Valence &#8211; Palmar\u00e8s <a href=\"https:\/\/www.tir-annonay.fr\/wp-content\/uploads\/2024\/04\/Palmares-final-EDT-indiv.pdf\" target=\"_blank\" rel=\"noopener\" title=\"\">Individuel<\/a><\/p>\n\n\n\n<p>08 et 09 mars 2024 &#8211; D\u00e9partementaux Armes Anciennes &#8211; Annonay &#8211; Palmar\u00e8s <a href=\"https:\/\/www.tir-annonay.fr\/wp-content\/uploads\/2024\/03\/Palmares-Dep-AA-2024-Ardeche.pdf\" target=\"_blank\" rel=\"noopener\" title=\"\">Individuel <\/a>&#8211; <a href=\"https:\/\/www.tir-annonay.fr\/wp-content\/uploads\/2024\/03\/Equipes-AA.pdf\" target=\"_blank\" rel=\"noopener\" title=\"\">Equipes<\/a><\/p>\n\n\n\n<p>02 mars 2024 &#8211; D\u00e9partementaux EDT &#8211; TSHV Lamastre &#8211; Palmar\u00e8s <a href=\"https:\/\/www.tir-annonay.fr\/wp-content\/uploads\/2024\/03\/2024_Resultats-EDT-individuel.pdf\" target=\"_blank\" rel=\"noopener\" title=\"\">Individuel <\/a>&#8211; <a href=\"https:\/\/www.tir-annonay.fr\/wp-content\/uploads\/2024\/03\/2024_Resultats-EDT-equipes.pdf\" target=\"_blank\" rel=\"noopener\" title=\"\">Equipes<\/a><\/p>\n\n\n\n<p>13 f\u00e9vrier 2024 &#8211; <strong>Championnat de France 10m<\/strong> &#8211; Tarbes &#8211; <a href=\"https:\/\/www.tir-annonay.fr\/wp-content\/uploads\/2024\/02\/PALMARES-CARABINE-JG.pdf\" target=\"_blank\" rel=\"noopener\" title=\"\">Palmar\u00e8s Carabine Junior<\/a><\/p>\n\n\n\n<p>6-7 janvier 2024 &#8211; R\u00e9gionaux 10m &#8211; Valence &#8211; Palmar\u00e8s <a href=\"https:\/\/www.tir-annonay.fr\/wp-content\/uploads\/2024\/02\/Palmares-final-Reg-10-M.pdf\" target=\"_blank\" rel=\"noopener\" title=\"\">Individuel<\/a> &#8211; <a href=\"https:\/\/www.tir-annonay.fr\/wp-content\/uploads\/2024\/02\/Palmares-equipes-Reg-10m.pdf\" target=\"_blank\" rel=\"noopener\" title=\"\">Equipes<\/a><\/p>\n\n\n\n<p>2-3 d\u00e9cembre 2023 &#8211; D\u00e9partementaux 10m &#8211; Annonay\/Lamastre &#8211; Palmar\u00e8s <a href=\"https:\/\/www.tir-annonay.fr\/wp-content\/uploads\/2023\/12\/palmares-individuel.pdf\" target=\"_blank\" rel=\"noopener\" title=\"\">Individuel<\/a> &#8211; <a href=\"https:\/\/www.tir-annonay.fr\/wp-content\/uploads\/2023\/12\/palmares-equipes.pdf\" target=\"_blank\" rel=\"noopener\" title=\"\">Equipes<\/a><\/p>\n\n\n\n<hr class=\"wp-block-separator has-alpha-channel-opacity\"\/>\n\n\n\n<h2 class=\"wp-block-heading\">Saison 2022-2023<\/h2>\n\n\n\n<p>7 au 10 juin 2023 &#8211; CDF Armes Anciennes &#8211; CNTS Ch\u00e2teauroux &#8211; <a href=\"https:\/\/www.fftir.org\/competitions\/@reportage\/41e-cdf-armes-anciennes-informations-sportives\/\" target=\"_blank\" rel=\"noopener\" title=\"\">Palmar\u00e8s<\/a><\/p>\n\n\n\n<p>4 juin 2023 &#8211; R\u00e9gionaux 25-50m &#8211; Annemasse &#8211; <a href=\"https:\/\/www.tir-annonay.fr\/wp-content\/uploads\/2023\/06\/2023_Reg-25-50.pdf\" target=\"_blank\" rel=\"noopener\" title=\"\">Palmar\u00e8s<\/a><\/p>\n\n\n\n<p>20 et 21 mai 2023 &#8211; D\u00e9partementaux TAR &#8211; Aubenas &#8211; Palmar\u00e8s <a href=\"https:\/\/www.tir-annonay.fr\/wp-content\/uploads\/2023\/05\/2023_TAR_07_indiv.pdf\" target=\"_blank\" rel=\"noopener\" title=\"\">Individuel <\/a>&#8211; <a href=\"https:\/\/www.tir-annonay.fr\/wp-content\/uploads\/2023\/05\/2023_TAR_07_equipes.pdf\" target=\"_blank\" rel=\"noopener\" title=\"\">Equipes<\/a><\/p>\n\n\n\n<p>13 et 14 mai 2023 &#8211; D\u00e9partementaux 25-50m &#8211; Lamastre &#8211; Palmar\u00e8s <a href=\"https:\/\/www.tir-annonay.fr\/wp-content\/uploads\/2023\/05\/2023-Dep-25-50_Palmares-indiv.pdf\" target=\"_blank\" rel=\"noopener\" title=\"\">Individuel <\/a>&#8211; <a href=\"https:\/\/www.tir-annonay.fr\/wp-content\/uploads\/2023\/05\/2023-Dep-25-50_Palmares-equipes.pdf\" target=\"_blank\" rel=\"noopener\" title=\"\">Equipes<\/a><\/p>\n\n\n\n<p>6 et 7 mai 2023 &#8211; R\u00e9gionaux Armes Anciennes &#8211; Douvaine &#8211; Palmar\u00e8s <a href=\"https:\/\/www.tir-annonay.fr\/wp-content\/uploads\/2023\/05\/2023-Reg-AA-Palmares-final-avec-derogations.pdf\" target=\"_blank\" rel=\"noopener\" title=\"\">Individuel <\/a>&#8211; <a href=\"https:\/\/www.tir-annonay.fr\/wp-content\/uploads\/2023\/05\/EQUIPESARMESANCIENNES-2023.pdf\" target=\"_blank\" rel=\"noopener\" title=\"\">Equipes<\/a><\/p>\n\n\n\n<p>mars-avril 2023 &#8211; Grand Prix de l&rsquo;Ard\u00e8che 25-50m &#8211; <a href=\"https:\/\/www.tir-annonay.fr\/wp-content\/uploads\/2023\/05\/Palmares-GP07-2023-25-50m.pdf\" target=\"_blank\" rel=\"noopener\" title=\"\">Palmar\u00e8s<\/a><\/p>\n\n\n\n<p>23 avril 2023 &#8211; D\u00e9partementaux Silhouettes M\u00e9talliques &#8211; Chom\u00e9rac &#8211; Palmar\u00e8s <a href=\"https:\/\/www.tir-annonay.fr\/wp-content\/uploads\/2023\/05\/2023_SM_07_Palmares-indiv.pdf\" target=\"_blank\" rel=\"noopener\" title=\"\">Individuel<\/a><\/p>\n\n\n\n<p>15 et 16 avril 2023 &#8211; R\u00e9gionaux Ecole de Tir &#8211; Beaumont les Valence &#8211; Palmar\u00e8s <a href=\"https:\/\/www.tir-annonay.fr\/wp-content\/uploads\/2023\/04\/PALMARES-INDIVIDUEL-FINAL-EDT-2023.pdf\" target=\"_blank\" rel=\"noopener\" title=\"\">Individuel<\/a><\/p>\n\n\n\n<p>14 et 15 avril 2023 &#8211; D\u00e9partementaux Armes Anciennes &#8211; Annonay &#8211; Palmar\u00e8s <a href=\"https:\/\/www.tir-annonay.fr\/wp-content\/uploads\/2023\/04\/2023_Dep-AA-07_Palmares-individuel-Final.pdf\" target=\"_blank\" rel=\"noopener\" title=\"\">Individuel<\/a> &#8211; <a href=\"https:\/\/www.tir-annonay.fr\/wp-content\/uploads\/2023\/04\/2023-Dep-AA-Palmares-equipes.pdf\" target=\"_blank\" rel=\"noopener\" title=\"\">Equipes<\/a><\/p>\n\n\n\n<p>25 mars 2023 &#8211; D\u00e9partementaux 10m Ecole De Tir &#8211; Lamastre &#8211; Palmar\u00e8s <a href=\"https:\/\/www.tir-annonay.fr\/wp-content\/uploads\/2023\/03\/2023_EDT-07_Palmares-individuel.pdf\" target=\"_blank\" rel=\"noopener\" title=\"\">Individuel<\/a> &#8211; <a href=\"https:\/\/www.tir-annonay.fr\/wp-content\/uploads\/2023\/03\/2023_EDT-07_Palmares-equipes.pdf\" target=\"_blank\" rel=\"noopener\" title=\"\">Equipes<\/a><\/p>\n\n\n\n<p>7 f\u00e9vrier 2023 &#8211; Championnat de France 10m &#8211; Montlu\u00e7on &#8211; <a href=\"https:\/\/www.tir-annonay.fr\/wp-content\/uploads\/2023\/02\/CARABINE-10M-CG.pdf\" target=\"_blank\" rel=\"noopener\" title=\"\">Palmar\u00e8s Carabine CG<\/a><\/p>\n\n\n\n<p>Janvier 2023 &#8211; Grand Prix de l&rsquo;Ard\u00e8che 10m &#8211; <a href=\"https:\/\/www.tir-annonay.fr\/wp-content\/uploads\/2023\/02\/Palmares-GP07-2023.pdf\" target=\"_blank\" rel=\"noopener\" title=\"\">Palmar\u00e8s<\/a><\/p>\n\n\n\n<p>3-4 d\u00e9cembre 2022 &#8211; R\u00e9gionaux 10m &#8211; Beaumont les Valence &#8211; <a href=\"https:\/\/www.liguetirdauphinesavoie.com\/media\/uploaded\/sites\/7389\/kcupload\/files\/Palmaresreg%2010%20m%202022.pdf\" target=\"_blank\" rel=\"noopener\" title=\"\">Individuel<\/a> &#8211; <a href=\"https:\/\/www.tir-annonay.fr\/wp-content\/uploads\/2022\/12\/Palmares-equipes-Pistolet.pdf\" target=\"_blank\" rel=\"noopener\" title=\"\">Equipes<\/a> &#8211; <a href=\"https:\/\/www.tir-annonay.fr\/wp-content\/uploads\/2022\/12\/equipereg10msuite.pdf\" target=\"_blank\" rel=\"noopener\" title=\"\">Equipes (suite)<\/a><\/p>\n\n\n\n<p>5 novembre 2022 &#8211; D\u00e9partementaux 10m &#8211; Annonay\/Lamastre &#8211; <a href=\"https:\/\/www.tir-annonay.fr\/wp-content\/uploads\/2022\/11\/2022_07_Palmares-indiv-10m.pdf\" target=\"_blank\" rel=\"noopener\" title=\"\">Individuel<\/a> &#8211; <a href=\"https:\/\/www.tir-annonay.fr\/wp-content\/uploads\/2022\/11\/2022_07_Palmares-Equipes-10m.pdf\" target=\"_blank\" rel=\"noopener\" title=\"\">Equipes<\/a><\/p>\n\n\n\n<hr class=\"wp-block-separator has-alpha-channel-opacity\"\/>\n\n\n\n<h2 class=\"wp-block-heading\">Saison 2021-2022<\/h2>\n\n\n\n<p>22-26 juin 2022 &#8211; Chinon &#8211; <a href=\"https:\/\/www.fftir.org\/competitions\/@reportage\/40e-cdf-aa-2022-informations-sportives\/\" target=\"_blank\" rel=\"noopener\">CDF Armes Anciennes<\/a><\/p>\n\n\n\n<p>11-19 juin 2022 &#8211; R\u00e9gionaux 25-50m &#8211; Annemasse &#8211; <a href=\"https:\/\/www.liguetirdauphinesavoie.com\/media\/uploaded\/sites\/7389\/kcupload\/files\/Palmar%C3%A8s%20FINAL%2025-50m.pdf\" target=\"_blank\" rel=\"noopener\">Individuels<\/a><\/p>\n\n\n\n<p>26-29 mai 2022 &#8211; CDF Ecole De Tir &#8211; Montlu\u00e7on &#8211; <a href=\"https:\/\/www.fftir.org\/wp-content\/uploads\/2022\/05\/FINALE-CARA-MINIMES-.pdf\" target=\"_blank\" rel=\"noopener\">Carabine MG<\/a><\/p>\n\n\n\n<p>14-15 mai 2022 &#8211; R\u00e9gionaux Armes Anciennes &#8211; Mont\u00e9limar &#8211; <a href=\"https:\/\/www.tir-annonay.fr\/wp-content\/uploads\/2022\/05\/PALMARES-FINAL.pdf\" target=\"_blank\" rel=\"noreferrer noopener\">Individuel<\/a> &#8211; <a href=\"https:\/\/www.tir-annonay.fr\/wp-content\/uploads\/2022\/05\/EQUIPESARMESANCIENNES-2022.pdf\" target=\"_blank\" rel=\"noreferrer noopener\">Equipes<\/a><\/p>\n\n\n\n<p>6-7-8 mail 2022 &#8211; D\u00e9partementaux 25-50m &#8211; Lamastre &#8211; <a href=\"https:\/\/www.tir-annonay.fr\/wp-content\/uploads\/2022\/05\/Dep-25-50m-Ardeche-Indiv-2022.pdf\" target=\"_blank\" rel=\"noreferrer noopener\">Individuel<\/a> &#8211; <a href=\"https:\/\/www.tir-annonay.fr\/wp-content\/uploads\/2022\/05\/Dep-25-50m-Ardeche-Equipes-2022.pdf\" target=\"_blank\" rel=\"noreferrer noopener\">Equipes<\/a><\/p>\n\n\n\n<p>16 avril 2022 &#8211; D\u00e9partementaux Armes Anciennes &#8211; Annonay &#8211; <a href=\"https:\/\/www.tir-annonay.fr\/wp-content\/uploads\/2022\/04\/Palmares-individuel-Dep-AA-07.pdf\" target=\"_blank\" rel=\"noreferrer noopener\">Individuel<\/a> &#8211; <a href=\"https:\/\/www.tir-annonay.fr\/wp-content\/uploads\/2022\/04\/2022_Equipes-AA.pdf\" target=\"_blank\" rel=\"noreferrer noopener\">Equipes<\/a><\/p>\n\n\n\n<p>12 mars 2022 &#8211; D\u00e9partementaux Ecole De Tir &#8211; Lamastre &#8211; <a href=\"https:\/\/www.tir-annonay.fr\/wp-content\/uploads\/2022\/03\/2022_Resultats-EDT-individuels.pdf\" target=\"_blank\" rel=\"noreferrer noopener\">Individuel<\/a> &#8211; <a href=\"https:\/\/www.tir-annonay.fr\/wp-content\/uploads\/2022\/03\/2022_Resultats-EDT-equipes.pdf\" target=\"_blank\" rel=\"noreferrer noopener\">Equipes<\/a><\/p>\n\n\n<p>09 janvier 2022 &#8211; R\u00e9gionaux 10m &#8211; Beaumon les Valence &#8211;<a href=\"https:\/\/www.tir-annonay.fr\/wp-content\/uploads\/2022\/03\/2022_PALMARESREGIONAUX10-MINDIVIDUEL.pdf\">&nbsp;INDI<\/a><a href=\"https:\/\/www.tir-annonay.fr\/wp-content\/uploads\/2022\/03\/2022_PALMARESREGIONAUX10-MINDIVIDUEL.pdf\">VIDUEL<\/a><\/p>\n\n\n<p>11 d\u00e9cembre 2021 &#8211; D\u00e9partementaux 10m &#8211; Annonay &#8211; <a href=\"https:\/\/www.tir-annonay.fr\/wp-content\/uploads\/2021\/12\/2021_12_Resultats-10m-individuels.pdf\">Individuel<\/a> &#8211; <a href=\"https:\/\/www.tir-annonay.fr\/wp-content\/uploads\/2021\/12\/2021_12_Resultats-10m-equipes.pdf\" target=\"_blank\" rel=\"noreferrer noopener\">Equipes<\/a><\/p>\n\n\n\n<hr class=\"wp-block-separator has-css-opacity\"\/>\n\n\n\n<h2 class=\"wp-block-heading\">Saison 2020-2021<\/h2>\n\n\n\n<p>Pas de comp\u00e9titions cause Covid19<\/p>\n\n\n\n<hr class=\"wp-block-separator has-css-opacity\"\/>\n\n\n\n<h2 class=\"wp-block-heading\">Saison 2019-2020<\/h2>\n\n\n\n<div class=\"wp-block-file\"><a id=\"wp-block-file--media-9f2b0593-6c1d-41f5-9f73-d90127f09ba9\" href=\"https:\/\/www.tir-annonay.fr\/wp-content\/uploads\/2020\/03\/2020-02-17-8ieme-GR-ARDECHE.pdf\">F\u00e9vrier 2020 &#8211; 8\u00e8me Grand Prix de l&rsquo;Ard\u00e8che<\/a><\/div>\n\n\n\n<div class=\"wp-block-file\"><a id=\"wp-block-file--media-5ab51970-1b7e-41ac-80c6-cfef9ed43b61\" href=\"https:\/\/www.tir-annonay.fr\/wp-content\/uploads\/2019\/12\/2019_reg_10m.pdf\">01 d\u00e9cembre 2019 &#8211; R\u00e9gionaux 10m (Valence)<\/a><\/div>\n\n\n\n<div class=\"wp-block-file\"><a id=\"wp-block-file--media-0ba0cb36-9dab-4cb6-888b-86244560d42b\" href=\"https:\/\/www.tir-annonay.fr\/wp-content\/uploads\/2019\/10\/2019-10-26-CDT07-10M-TOT.pdf\">26 octobre 2019 &#8211; D\u00e9partementaux 10m (Annonay)<\/a><\/div>\n\n\n\n<hr class=\"wp-block-separator has-css-opacity\"\/>\n\n\n\n<h2 class=\"wp-block-heading\">Saison 2018-2019<\/h2>\n\n\n\n<div class=\"wp-block-file\"><a id=\"wp-block-file--media-6b824c75-0ddc-4075-a670-990af7d53e22\" href=\"https:\/\/www.tir-annonay.fr\/wp-content\/uploads\/2019\/08\/2019_CDF_252_Pistolet-25-m\u00e8tres-Cadet-Filles.pdf\">27 juillet 2019 &#8211; CDF Pistolet 25 m\u00e8tres Cadet Filles (Moulins)<\/a><\/div>\n\n\n\n<div class=\"wp-block-file\"><a id=\"wp-block-file--media-f2a81cdf-8561-45c0-8c60-46af2c2b1f33\" href=\"https:\/\/www.tir-annonay.fr\/wp-content\/uploads\/2019\/06\/PALMARESREGIONAUX2550M2019.pdf\">15 juin 2019 &#8211; R\u00e9gionaux 25-50m (Chamb\u00e9ry)<\/a><\/div>\n\n\n\n<p><a href=\"https:\/\/www.fftir.org\/fr\/champ_1410\">13-16 juin 2019 &#8211; CDF Armes Anciennes (Ch\u00e2teauroux)<\/a><\/p>\n\n\n\n<div class=\"wp-block-file\"><a id=\"wp-block-file--media-8badc04a-d696-4fdc-ab5f-59a160db596a\" href=\"https:\/\/www.tir-annonay.fr\/wp-content\/uploads\/2019\/06\/150-Pistolet-10-m\u00e8tres-Ecoles-de-Tir-Minimes-filles_d40661560a85674967399c6e6b4072e4.pdf\">1er juin 2019 &#8211; CDF Pistolet 10 m Ecoles de Tir MF (Marseille)<\/a><\/div>\n\n\n\n<div class=\"wp-block-file\"><a id=\"wp-block-file--media-eb5b8932-179d-4c17-a539-f2d65a51037b\" href=\"https:\/\/www.tir-annonay.fr\/wp-content\/uploads\/2019\/06\/101-Pistolet-3-7-Ecoles-de-Tir-Minimes-filles_544d2e1dca5d630c3e1cb2fee55ed481.pdf\">31 mai 2019 &#8211; CDF Pistolet 10m 3\/7 Ecoles de Tir MF (Marseille)<\/a><\/div>\n\n\n\n<div class=\"wp-block-file\"><a id=\"wp-block-file--media-ae142bf4-57d6-4ab4-b597-e4e38df4d20e\" href=\"https:\/\/www.tir-annonay.fr\/wp-content\/uploads\/2019\/05\/CDT07-2019-05-19-25et50M-TOT.pdf\">19 mai 2019 &#8211; D\u00e9partementaux 25-50m (Lamastre)<\/a><\/div>\n\n\n\n<div class=\"wp-block-file\"><a id=\"wp-block-file--media-d4f27016-ef61-4ad8-8fb6-e9c71a03950b\" href=\"https:\/\/www.tir-annonay.fr\/wp-content\/uploads\/2019\/05\/PALMARESARMESANCIENNES20191.pdf\">12 mai 2019 &#8211; R\u00e9gionaux Armes Anciennes individuels (Chamb\u00e9ry) <\/a><\/div>\n\n\n\n<div class=\"wp-block-file\"><a id=\"wp-block-file--media-5d06129f-0108-442b-a36c-1d06dda9bc24\" href=\"https:\/\/www.tir-annonay.fr\/wp-content\/uploads\/2019\/05\/PALMARESEQUIPEAA2019.pdf\">12 mai 2019 &#8211; R\u00e9gionaux Armes Anciennes par \u00e9quipes (Chamb\u00e9ry)<\/a><\/div>\n\n\n\n<div class=\"wp-block-file\"><a id=\"wp-block-file--media-9ae3c35b-3cea-4a7f-8126-056d441da46a\" href=\"https:\/\/www.tir-annonay.fr\/wp-content\/uploads\/2019\/08\/RESULTATS-REGIONAL-SM-2019.pdf\">11 mai 2019 &#8211; R\u00e9gionaux Silhouettes M\u00e9talliques (Vitrolles)<\/a><\/div>\n\n\n\n<div class=\"wp-block-file\"><a id=\"wp-block-file--media-5862fc3c-0211-448f-8c6a-22f92f172f4e\" href=\"https:\/\/www.tir-annonay.fr\/wp-content\/uploads\/2019\/05\/2019-04-13-AA-CLASSEMENT-TOT-2019.pdf\">13 avril 2019 &#8211; D\u00e9partementaux Armes Anciennes (Annonay)<\/a><\/div>\n\n\n\n<div class=\"wp-block-file\"><a id=\"wp-block-file--media-8a0968b4-3c0a-4a70-a8e2-54bae2e54176\" href=\"https:\/\/www.tir-annonay.fr\/wp-content\/uploads\/2019\/08\/departemental-sm-2019.pdf\">30 mars 2019 &#8211; D\u00e9partementaux Silhouettes M\u00e9talliques (Vitrolles)<\/a><\/div>\n\n\n\n<div class=\"wp-block-file\"><a id=\"wp-block-file--media-86bc2306-eaa2-4035-a2cb-89dbd814f00f\" href=\"https:\/\/www.tir-annonay.fr\/wp-content\/uploads\/2019\/05\/2019-02-01-7IME-GP-ARDECHE.pdf\">Janvier 2019 &#8211; 7\u00e8me Grand Prix de l&rsquo;Ard\u00e8che<\/a><\/div>\n\n\n\n<div class=\"wp-block-file\"><a id=\"wp-block-file--media-b3045da1-25f9-4318-8d63-b5e95aa0e886\" href=\"https:\/\/www.tir-annonay.fr\/wp-content\/uploads\/2019\/05\/PALMARESEDT2019.pdf\">28 avril 2019 &#8211; R\u00e9gionaux \u00c9cole De Tir (Beaumont les Valence)<\/a><\/div>\n\n\n\n<div class=\"wp-block-file\"><a id=\"wp-block-file--media-7f01d2da-41cf-470e-bb06-d79946679b4e\" href=\"https:\/\/www.tir-annonay.fr\/wp-content\/uploads\/2019\/05\/CDT07-2019-04-06-EDT-TOT.pdf\">06 avril 2019 &#8211; D\u00e9partementaux \u00c9cole De Tir (Lamastre)<\/a><\/div>\n\n\n\n<div class=\"wp-block-file\"><a id=\"wp-block-file--media-b2dd1031-1b8f-47fd-9df2-e64f7d9db66a\" href=\"https:\/\/www.tir-annonay.fr\/wp-content\/uploads\/2019\/05\/Challenge-J.-FEUILLERET2019.pdf\">3 mars 2019 &#8211; Concours armes Anciennes &#8211; Challenge FEUILLERET (Vitrolles)<\/a><\/div>\n\n\n\n<div class=\"wp-block-file\"><a id=\"wp-block-file--media-082fdf55-bf1b-4209-854d-012177fb59c4\" href=\"https:\/\/www.tir-annonay.fr\/wp-content\/uploads\/2019\/05\/PALMARESREGIONAUX-10-M-2018.pdf\">08 d\u00e9cembre 2018 &#8211; R\u00e9gionaux 10m individuels (Beaumont les Valence)<\/a><\/div>\n\n\n\n<div class=\"wp-block-file\"><a id=\"wp-block-file--media-e3856391-eb3f-403a-92f4-f01080bd45b9\" href=\"https:\/\/www.tir-annonay.fr\/wp-content\/uploads\/2019\/05\/REGIONAUXEQUIPE10M2018.pdf\">08 d\u00e9cembre 2018 &#8211; R\u00e9gionaux 10m par \u00e9quipes (Beaumont les Valence) <\/a><\/div>\n\n\n\n<div class=\"wp-block-file\"><a id=\"wp-block-file--media-79cdf14b-1b2d-475d-a4c3-f74e3364db54\" href=\"https:\/\/www.tir-annonay.fr\/wp-content\/uploads\/2019\/05\/CDT07-2018-10-27-DEP-10M-2018-TOT.pdf\">27 octobre 2018 &#8211; D\u00e9partementaux 10m (Annonay)<\/a><\/div>\n\n\n\n<div class=\"wp-block-file\"><a id=\"wp-block-file--media-e26ef062-47e6-422c-8a76-8e37c2738f8d\" href=\"https:\/\/www.tir-annonay.fr\/wp-content\/uploads\/2019\/05\/CHALLENGE-Daniel-BLANC-2018.-2xlsx.pdf\">7 octobre 2018 &#8211; Concours Armes Anciennes Challenge  Daniel BLANC  (St Florent sur Auzonnet)<\/a><\/div>\n\n\n\n<div class=\"wp-block-file\"><a id=\"wp-block-file--media-0ece1d30-f45f-44d4-9843-db6518b1f75e\" href=\"https:\/\/www.tir-annonay.fr\/wp-content\/uploads\/2019\/05\/Concours-gras-2018m.pdf\">26 Aout 2018 &#8211; Concours Armes Anciennes (Bourg-en-Bresse)<\/a><\/div>\n","protected":false},"excerpt":{"rendered":"<p>Saison 2025-2026 24-25 avril 2026 &#8211; D\u00e9p 25-50m &#8211; Lamastre &#8211; Palmar\u00e8s indiv &#8211; \u00e9quipes 18-19 avril 2026 &#8211; D\u00e9p TAR &#8211; Aubenas &#8211; Palmar\u00e8s individuel 21 mars et 3-4 avril 2026 &#8211; D\u00e9p AA &#8211; Annonay\/Aubenas &#8211; Palmar\u00e8s individuel &#8211; Equipes 28-29 mars 2026 &#8211; R\u00e9g EDT &#8211; Valence &#8211; Palmar\u00e8s individuel 28 f\u00e9vrier&hellip; <br \/> <a class=\"read-more\" href=\"https:\/\/www.tir-annonay.fr\/?page_id=374\">Lire la suite<\/a><\/p>\n","protected":false},"author":3,"featured_media":0,"parent":0,"menu_order":0,"comment_status":"closed","ping_status":"closed","template":"","meta":{"_mc_calendar":[],"footnotes":""},"class_list":["post-374","page","type-page","status-publish","hentry"],"aioseo_notices":[],"_links":{"self":[{"href":"https:\/\/www.tir-annonay.fr\/index.php?rest_route=\/wp\/v2\/pages\/374","targetHints":{"allow":["GET"]}}],"collection":[{"href":"https:\/\/www.tir-annonay.fr\/index.php?rest_route=\/wp\/v2\/pages"}],"about":[{"href":"https:\/\/www.tir-annonay.fr\/index.php?rest_route=\/wp\/v2\/types\/page"}],"author":[{"embeddable":true,"href":"https:\/\/www.tir-annonay.fr\/index.php?rest_route=\/wp\/v2\/users\/3"}],"replies":[{"embeddable":true,"href":"https:\/\/www.tir-annonay.fr\/index.php?rest_route=%2Fwp%2Fv2%2Fcomments&post=374"}],"version-history":[{"count":120,"href":"https:\/\/www.tir-annonay.fr\/index.php?rest_route=\/wp\/v2\/pages\/374\/revisions"}],"predecessor-version":[{"id":1957,"href":"https:\/\/www.tir-annonay.fr\/index.php?rest_route=\/wp\/v2\/pages\/374\/revisions\/1957"}],"wp:attachment":[{"href":"https:\/\/www.tir-annonay.fr\/index.php?rest_route=%2Fwp%2Fv2%2Fmedia&parent=374"}],"curies":[{"name":"wp","href":"https:\/\/api.w.org\/{rel}","templated":true}]}}