{"id":28,"date":"2019-05-03T20:11:23","date_gmt":"2019-05-03T20:11:23","guid":{"rendered":"http:\/\/tir-annonay.fr\/?page_id=28"},"modified":"2026-04-20T18:42:38","modified_gmt":"2026-04-20T18:42:38","slug":"mesmerize","status":"publish","type":"page","link":"https:\/\/www.tir-annonay.fr\/","title":{"rendered":"Front Page"},"content":{"rendered":"<div  data-label=\"Latest-news\" data-id=\"latest_news--1\" data-export-id=\"blog-section-mc\" data-category=\"latest_news\" class=\"blog-section-mc blog-section-standard content-section content-section-spacing\" id=\"latest_news-1\" style=\"background-color: rgb(245, 250, 253); background-image: none;\" wfd-id=\"34\"><div  class=\"\" wfd-id=\"35\"> <div  class=\"row\" wfd-id=\"53\"><div  data-type=\"column\" class=\"section-title-col\" wfd-id=\"54\">  <h4  class=\"\">\u2013 Stand 100% INDOOR \u2013<br ><br >\u2013 Le Club ne d\u00e9tient aucune arme de Cat\u00e9gorie B, et est sous alarme et videosurveillance 24h\/24 \u2013<\/h4><p  class=\"lead\"><\/p><h4  class=\"\" style=\"margin-bottom: 16px; outline: rgb(204, 204, 204) solid 1px;\">Pas d\u2019\u00e9dition 2024 de notre concours des Arquebusiers\n<br >(explications dans un article pr\u00e9c\u00e9dant)<\/h4><h5  class=\"\">Derniers articles:<\/h5> <\/div> <\/div> <div  class=\"row\" wfd-id=\"38\"> <div  data-type=\"row\" data-dynamic-columns=\"handled\" data-content-shortcode=\"mesmerize_latest_news posts=&quot;3&quot; columns=&quot;3&quot; \" wfd-id=\"39\">\t\t<div class=\"row center-sm content-left-sm\">\n\t\t\t\t\t<div id=\"post-1893\" class=\"col-sm-6 col-md-3 space-bottom space-bottom-xs\">\n\t\t\t\t<div class=\"post-content card y-move bordered\">\n\t\t\t\t\t<div class=\"post-thumbnail\">\n   <a href=\"https:\/\/www.tir-annonay.fr\/?p=1893\" class=\"post-list-item-thumb \">\n      <img loading=\"lazy\" decoding=\"async\" width=\"1024\" height=\"200\" src=\"https:\/\/www.tir-annonay.fr\/wp-content\/uploads\/2026\/04\/Screenshot-2026-04-02-23.52.01-1024x200.png\" class=\"attachment-post-thumbnail size-post-thumbnail wp-post-image\" alt=\"\" srcset=\"https:\/\/www.tir-annonay.fr\/wp-content\/uploads\/2026\/04\/Screenshot-2026-04-02-23.52.01-1024x200.png 1024w, https:\/\/www.tir-annonay.fr\/wp-content\/uploads\/2026\/04\/Screenshot-2026-04-02-23.52.01-300x58.png 300w, https:\/\/www.tir-annonay.fr\/wp-content\/uploads\/2026\/04\/Screenshot-2026-04-02-23.52.01-768x150.png 768w, https:\/\/www.tir-annonay.fr\/wp-content\/uploads\/2026\/04\/Screenshot-2026-04-02-23.52.01-1536x299.png 1536w, https:\/\/www.tir-annonay.fr\/wp-content\/uploads\/2026\/04\/Screenshot-2026-04-02-23.52.01.png 1786w\" sizes=\"auto, (max-width: 1024px) 100vw, 1024px\" \/>   <\/a>\n<\/div>\n\t\t\t\t\t<div class=\"col-padding col-padding-xs\">\n\t\t\t\t\t\t<h3 class=\"post-title space-bottom-small\">\n\t\t\t\t\t\t\t<a href=\"https:\/\/www.tir-annonay.fr\/?p=1893\" rel=\"bookmark\">\n\t\t\t\t\t\t\t\tChampionnat R\u00e9gional Ecole de Tir\t\t\t\t\t\t\t<\/a>\n\t\t\t\t\t\t<\/h3>\n\t\t\t\t\t\t<p>Le samedi 28 mars, nos 2 jeunes qualifi\u00e9s ont d\u00e9fendu les couleurs du Club en carabine lors du Championnat R\u00e9gional de la Ligue Dauphin\u00e9-Savoie \u00e0 Beaumont les Valence. Tous les[&hellip;]<\/p>\n\t\t\t\t\t\t<a class=\"read-more link\" href=\"https:\/\/www.tir-annonay.fr\/?p=1893\">\n\t\t\t\t\t\t\tRead more\t\t\t\t\t\t<\/a>\n\t\t\t\t\t<\/div>\n\t\t\t\t<\/div>\n\t\t\t<\/div>\n\t\t\t\t\t\t<div id=\"post-1854\" class=\"col-sm-6 col-md-3 space-bottom space-bottom-xs\">\n\t\t\t\t<div class=\"post-content card y-move bordered\">\n\t\t\t\t\t<div class=\"post-thumbnail\">\n   <a href=\"https:\/\/www.tir-annonay.fr\/?p=1854\" class=\"post-list-item-thumb \">\n      <img loading=\"lazy\" decoding=\"async\" width=\"1024\" height=\"576\" src=\"https:\/\/www.tir-annonay.fr\/wp-content\/uploads\/2026\/03\/DSC_5235-1024x576.jpg\" class=\"attachment-post-thumbnail size-post-thumbnail wp-post-image\" alt=\"\" srcset=\"https:\/\/www.tir-annonay.fr\/wp-content\/uploads\/2026\/03\/DSC_5235-1024x576.jpg 1024w, https:\/\/www.tir-annonay.fr\/wp-content\/uploads\/2026\/03\/DSC_5235-300x169.jpg 300w, https:\/\/www.tir-annonay.fr\/wp-content\/uploads\/2026\/03\/DSC_5235-768x432.jpg 768w, https:\/\/www.tir-annonay.fr\/wp-content\/uploads\/2026\/03\/DSC_5235-1536x864.jpg 1536w, https:\/\/www.tir-annonay.fr\/wp-content\/uploads\/2026\/03\/DSC_5235-2048x1152.jpg 2048w, https:\/\/www.tir-annonay.fr\/wp-content\/uploads\/2026\/03\/DSC_5235-1920x1080.jpg 1920w\" sizes=\"auto, (max-width: 1024px) 100vw, 1024px\" \/>   <\/a>\n<\/div>\n\t\t\t\t\t<div class=\"col-padding col-padding-xs\">\n\t\t\t\t\t\t<h3 class=\"post-title space-bottom-small\">\n\t\t\t\t\t\t\t<a href=\"https:\/\/www.tir-annonay.fr\/?p=1854\" rel=\"bookmark\">\n\t\t\t\t\t\t\t\tFormation Armes Anciennes\t\t\t\t\t\t\t<\/a>\n\t\t\t\t\t\t<\/h3>\n\t\t\t\t\t\t<p>Dans le cadre de la promotion et du d\u00e9veloppement de nos disciplines et sous l\u2019impulsion du Comit\u00e9 Directeur de la Ligue Dauphin\u00e9-Savoie et de son r\u00e9f\u00e9rent de discipline :\u00a0Sylvain DIDIER,[&hellip;]<\/p>\n\t\t\t\t\t\t<a class=\"read-more link\" href=\"https:\/\/www.tir-annonay.fr\/?p=1854\">\n\t\t\t\t\t\t\tRead more\t\t\t\t\t\t<\/a>\n\t\t\t\t\t<\/div>\n\t\t\t\t<\/div>\n\t\t\t<\/div>\n\t\t\t\t\t\t<div id=\"post-1818\" class=\"col-sm-6 col-md-3 space-bottom space-bottom-xs\">\n\t\t\t\t<div class=\"post-content card y-move bordered\">\n\t\t\t\t\t<div class=\"post-thumbnail\">\n   <a href=\"https:\/\/www.tir-annonay.fr\/?p=1818\" class=\"post-list-item-thumb \">\n      <img loading=\"lazy\" decoding=\"async\" width=\"1024\" height=\"935\" src=\"https:\/\/www.tir-annonay.fr\/wp-content\/uploads\/2026\/03\/IMG_3330-scaled-e1772656657722-1024x935.jpeg\" class=\"attachment-post-thumbnail size-post-thumbnail wp-post-image\" alt=\"\" srcset=\"https:\/\/www.tir-annonay.fr\/wp-content\/uploads\/2026\/03\/IMG_3330-scaled-e1772656657722-1024x935.jpeg 1024w, https:\/\/www.tir-annonay.fr\/wp-content\/uploads\/2026\/03\/IMG_3330-scaled-e1772656657722-300x274.jpeg 300w, https:\/\/www.tir-annonay.fr\/wp-content\/uploads\/2026\/03\/IMG_3330-scaled-e1772656657722-768x701.jpeg 768w, https:\/\/www.tir-annonay.fr\/wp-content\/uploads\/2026\/03\/IMG_3330-scaled-e1772656657722-1183x1080.jpeg 1183w, https:\/\/www.tir-annonay.fr\/wp-content\/uploads\/2026\/03\/IMG_3330-scaled-e1772656657722.jpeg 1360w\" sizes=\"auto, (max-width: 1024px) 100vw, 1024px\" \/>   <\/a>\n<\/div>\n\t\t\t\t\t<div class=\"col-padding col-padding-xs\">\n\t\t\t\t\t\t<h3 class=\"post-title space-bottom-small\">\n\t\t\t\t\t\t\t<a href=\"https:\/\/www.tir-annonay.fr\/?p=1818\" rel=\"bookmark\">\n\t\t\t\t\t\t\t\tEcole de Tir 2026\t\t\t\t\t\t\t<\/a>\n\t\t\t\t\t\t<\/h3>\n\t\t\t\t\t\t<p>Championnat d\u00e9partemental Le&nbsp;Club de Tir d\u2019Annonay&nbsp;s\u2019est particuli\u00e8rement illustr\u00e9 ce samedi lors du championnat d\u00e9partemental de tir \u00e0 air comprim\u00e9 de l\u2019\u00c9cole de tir, organis\u00e9 \u00e0 Lamastre par le Tir Sportif[&hellip;]<\/p>\n\t\t\t\t\t\t<a class=\"read-more link\" href=\"https:\/\/www.tir-annonay.fr\/?p=1818\">\n\t\t\t\t\t\t\tRead more\t\t\t\t\t\t<\/a>\n\t\t\t\t\t<\/div>\n\t\t\t\t<\/div>\n\t\t\t<\/div>\n\t\t\t\t<\/div>\n\t<\/div><\/div> <div  class=\"row\" wfd-id=\"36\"><div  class=\"text-center\" wfd-id=\"37\"> <a  class=\"button color1\" data-attr-shortcode=\"href:mesmerize_blog_link\" href=\"https:\/\/www.tir-annonay.fr\/?page_id=29\">Toute l\u2019info<\/a><\/div> <\/div><\/div><\/div><div  data-label=\"Installations\" data-id=\"features--1\" data-export-id=\"features-13-card-bordered\" data-category=\"features\" class=\"features-13 content-section content-section-spacing\" id=\"installations\" style=\"background-color: rgb(245, 250, 253);\" wfd-id=\"23\"><div  class=\"gridContainer\" wfd-id=\"24\"> <div  class=\"row text-center\" wfd-id=\"32\"><div  class=\"section-title-col\" data-type=\"column\" wfd-id=\"33\"> <h2  class=\"\">Nos installations<\/h2> <h4  class=\"\">\u2013 Le Club ne d\u00e9tient aucune arme class\u00e9e \u2013<\/h4><\/div> <\/div> <div  class=\"row spaced-cols content-center-sm\" data-type=\"row\" wfd-id=\"25\"> <div  class=\"col-sm-4\" wfd-id=\"30\"> <div  class=\"card bordered y-move\" data-type=\"column\" wfd-id=\"31\">  <h4  class=\"\">10 m\u00e8tres<\/h4><img  decoding=\"async\" class=\"custom-image\" src=\"https:\/\/www.tir-annonay.fr\/wp-content\/uploads\/2024\/08\/DSC_3495-scaled.jpg\" alt=\"\" title=\"DSC_3495\"> <p  class=\"\">Un total de&nbsp;16 + 4 + 1 postes:&nbsp;<br >12 postes pr\u00e9cision carabine\/pistolet classiques,<br >4 postes pistolet pr\u00e9cision\/standard\/3\u00d77<br >1 poste pistolet vitesse (amovible avec 2 postes standard)<br >4 cibles \u00e9lectroniques Sport Quantum<br >\n<\/p> <a  class=\"button small y-move color2\" href=\"https:\/\/www.tir-annonay.fr?page_id=94#https:\/\/www.tir-annonay.fr\/?page_id=94\" target=\"_self\" data-cp-link=\"1\" rel=\"noopener noreferrer\">+ de photos ici<\/a><\/div> <\/div> <div  class=\"col-sm-4\" wfd-id=\"28\"> <div  class=\"card bordered y-move\" data-type=\"column\" wfd-id=\"29\">  <h4  class=\"\">25 m\u00e8tres<\/h4> <img  decoding=\"async\" class=\"custom-image\" src=\"https:\/\/www.tir-annonay.fr\/wp-content\/uploads\/2019\/05\/25m_icon.jpg\" alt=\"\" title=\"25m_icon\"><p  class=\"\">10 postes tous \u00e9quip\u00e9s de rameneurs \u00e9lectriques pour plus de s\u00e9curit\u00e9 et de fluidit\u00e9.\n<br ><br >R\u00e9serv\u00e9 aux armes de poing exclusivement.<\/p> <a  class=\"button small y-move color2\" href=\"https:\/\/www.tir-annonay.fr?page_id=94\" target=\"_self\" data-cp-link=\"1\" rel=\"noopener noreferrer\">+ de photos ici<\/a><\/div> <\/div> <div  class=\"col-sm-4\" wfd-id=\"26\"> <div  class=\"card bordered y-move\" data-type=\"column\" wfd-id=\"27\">  <h4  class=\"\">50 m\u00e8tres<\/h4> <img  decoding=\"async\" class=\"custom-image\" src=\"https:\/\/www.tir-annonay.fr\/wp-content\/uploads\/2019\/05\/50m_icon.jpg\" alt=\"\" title=\"50m_icon\"><p  class=\"\">6 postes au total:<br >tous \u00e9quip\u00e9s de rameneurs \u00e9lectriques, pour plus de s\u00e9curit\u00e9 et de fluidit\u00e9<br >postes 1 \u00e0 5 pour le tir \u00e0 OGIVES PLOMB exclusivement.<br >poste 6 pour le tir \u00e0 balles blind\u00e9es (armes longues uniquement).<br >table de tir Girocible pour le tir 3 positions (genou et couch\u00e9)<\/p> <a  class=\"button small y-move color2\" href=\"https:\/\/www.tir-annonay.fr?page_id=94\" target=\"_self\" data-cp-link=\"1\" rel=\"noopener noreferrer\">+ de photos ici<\/a><\/div> <\/div><\/div> <\/div><\/div><div  data-label=\"Contact\" data-id=\"content--2\" data-export-id=\"content-3\" data-category=\"content\" class=\"content-3 content-section content-section-spacing\" id=\"contact\" style=\"background-color: rgb(245, 250, 253);\" wfd-id=\"12\"><div  wfd-id=\"13\"> <div  class=\"row middle-xs\" wfd-id=\"14\"><div  class=\"col-sm-7 full-col-left-padding full-col-right-padding\" wfd-id=\"16\"> <div  class=\"row\" wfd-id=\"21\"><div  data-type=\"column\" class=\"space-bottom-small content-title-col\" wfd-id=\"22\"> <h5  class=\"\">Informations<\/h5> <h2  class=\"\">Horaires d\u2019ouverture<br >(hors juillet-ao\u00fbt et jours f\u00e9ri\u00e9s)<\/h2><p  class=\"\">Mercredi 15h45-17h: Ecole de Tir uniquement (Groupe 1)<br >Mercredi 17h-18h15: Ecole de Tir uniquement (Groupe 2)\n<br >Mercredi 18h15-20h15\n<br >Vendredi 18h15-20h15\n<br >Dimanche 10h-12h<\/p> <\/div> <\/div> <div  class=\"row spaced-cols\" data-type=\"row\" wfd-id=\"17\"> <div  class=\"col-xs-6\" data-type=\"column\" wfd-id=\"20\"> <h5  class=\"\">T\u00e9l\u00e9phone<\/h5> <p  class=\"\">T\u00e9l: 04.75.67.62.86\n<br >pendant les permanences<\/p><\/div> <div  class=\"col-xs-6\" data-type=\"column\" wfd-id=\"19\"><h5  class=\"\">Email<\/h5> <p  class=\"\">contact@tir-annonay.fr<\/p><\/div> <div  class=\"col-xs-6\" data-type=\"column\" wfd-id=\"18\"><h5  class=\"\">Adresse<\/h5> <p  class=\"\">25 Avenue Lucie Aubrac(ex-Avenue de Stalingrad)<br >07100 Annonay<\/p><a  class=\"link\" href=\"https:\/\/goo.gl\/maps\/M9HjfHntz1cfKPhA8\" target=\"_self\" data-cp-link=\"1\" rel=\"noopener noreferrer\">Cliquez pour lancer l\u2019itin\u00e9raire Goggle Map<\/a><\/div>  <\/div><\/div> <div  class=\"col-sm-5 bg-image shadow-large-black revert-classes-holder\" data-bg=\"image\" style=\"background-image: url(&quot;https:\/\/www.tir-annonay.fr\/wp-content\/uploads\/2019\/05\/map.png&quot;);\" wfd-id=\"15\"><\/div><\/div> <\/div><\/div>","protected":false},"excerpt":{"rendered":"<p>\u2013 Stand 100% INDOOR \u2013\u2013 Le Club ne d\u00e9tient aucune arme de Cat\u00e9gorie B, et est sous alarme et videosurveillance 24h\/24 \u2013Pas d\u2019\u00e9dition 2024 de notre concours des Arquebusiers (explications dans un article pr\u00e9c\u00e9dant)Derniers articles: Toute l\u2019info Nos installations \u2013 Le Club ne d\u00e9tient aucune arme class\u00e9e \u2013 10 m\u00e8tres Un total de&nbsp;16 + 4&hellip; <br \/> <a class=\"read-more\" href=\"https:\/\/www.tir-annonay.fr\/?p=1818\">Lire la suite<\/a><\/p>\n","protected":false},"author":1,"featured_media":0,"parent":0,"menu_order":0,"comment_status":"closed","ping_status":"closed","template":"page-templates\/homepage.php","meta":{"_mc_calendar":[],"footnotes":""},"class_list":["post-28","page","type-page","status-publish","hentry"],"aioseo_notices":[],"_links":{"self":[{"href":"https:\/\/www.tir-annonay.fr\/index.php?rest_route=\/wp\/v2\/pages\/28","targetHints":{"allow":["GET"]}}],"collection":[{"href":"https:\/\/www.tir-annonay.fr\/index.php?rest_route=\/wp\/v2\/pages"}],"about":[{"href":"https:\/\/www.tir-annonay.fr\/index.php?rest_route=\/wp\/v2\/types\/page"}],"author":[{"embeddable":true,"href":"https:\/\/www.tir-annonay.fr\/index.php?rest_route=\/wp\/v2\/users\/1"}],"replies":[{"embeddable":true,"href":"https:\/\/www.tir-annonay.fr\/index.php?rest_route=%2Fwp%2Fv2%2Fcomments&post=28"}],"version-history":[{"count":59,"href":"https:\/\/www.tir-annonay.fr\/index.php?rest_route=\/wp\/v2\/pages\/28\/revisions"}],"predecessor-version":[{"id":1947,"href":"https:\/\/www.tir-annonay.fr\/index.php?rest_route=\/wp\/v2\/pages\/28\/revisions\/1947"}],"wp:attachment":[{"href":"https:\/\/www.tir-annonay.fr\/index.php?rest_route=%2Fwp%2Fv2%2Fmedia&parent=28"}],"curies":[{"name":"wp","href":"https:\/\/api.w.org\/{rel}","templated":true}]}}